{"id":387,"date":"2019-12-08T10:29:38","date_gmt":"2019-12-08T09:29:38","guid":{"rendered":"http:\/\/itv.conselldeivissa.es\/?page_id=387"},"modified":"2020-01-21T19:36:27","modified_gmt":"2020-01-21T18:36:27","slug":"politica-privacitat","status":"publish","type":"page","link":"http:\/\/itv.conselldeivissa.es\/ca\/politica-privacitat\/","title":{"rendered":"Pol\u00edtica de privacitat"},"content":{"rendered":"\n<style type=\"text\/css\" data-created_by=\"avia_inline_auto\" id=\"style-css-av-k5o7v716-8e5573d49f1bb661acba41190f21e900\">\n.avia-section.av-k5o7v716-8e5573d49f1bb661acba41190f21e900{\nbackground-repeat:no-repeat;\nbackground-image:url(http:\/\/itv.conselldeivissa.es\/wp-content\/uploads\/fondocita03.jpg);\nbackground-position:0% 0%;\nbackground-attachment:scroll;\n}\n<\/style>\n<div id='av_section_1'  class='avia-section av-k5o7v716-8e5573d49f1bb661acba41190f21e900 main_color avia-section-default avia-no-border-styling  avia-builder-el-0  el_before_av_textblock  avia-builder-el-first  portada avia-bg-style-scroll av-minimum-height av-minimum-height-custom av-height-custom  container_wrap sidebar_right'  data-section-bg-repeat='no-repeat' data-av_minimum_height_px='400'><div class='container av-section-cont-open' style='height:400px'><main  role=\"main\" itemprop=\"mainContentOfPage\"  class='template-page content  av-content-small alpha units'><div class='post-entry post-entry-type-page post-entry-387'><div class='entry-content-wrapper clearfix'>\n\n<style type=\"text\/css\" data-created_by=\"avia_inline_auto\" id=\"style-css-av-oz7v-7ecc762fc9aa3cfc7d82012d24c9b505\">\n#top .av-special-heading.av-oz7v-7ecc762fc9aa3cfc7d82012d24c9b505{\npadding-bottom:10px;\n}\nbody .av-special-heading.av-oz7v-7ecc762fc9aa3cfc7d82012d24c9b505 .av-special-heading-tag .heading-char{\nfont-size:25px;\n}\n.av-special-heading.av-oz7v-7ecc762fc9aa3cfc7d82012d24c9b505 .av-subheading{\nfont-size:15px;\n}\n<\/style>\n<div  class='av-special-heading av-oz7v-7ecc762fc9aa3cfc7d82012d24c9b505 av-special-heading-h1 blockquote modern-quote  avia-builder-el-1  avia-builder-el-no-sibling  av-linked-heading'><h1 class='av-special-heading-tag '  itemprop=\"headline\"  >Pol\u00edtica de privacitat<\/h1><div class=\"special-heading-border\"><div class=\"special-heading-inner-border\"><\/div><\/div><\/div>\n<\/div><\/div><\/main><!-- close content main element --><\/div><\/div><div id='after_section_1'  class='main_color av_default_container_wrap container_wrap sidebar_right'  ><div class='container av-section-cont-open' ><div class='template-page content  av-content-small alpha units'><div class='post-entry post-entry-type-page post-entry-387'><div class='entry-content-wrapper clearfix'>\n<section  class='av_textblock_section av-k5jiy3k6-09262c775074e28b9a0ad21d4f3304a4 '   itemscope=\"itemscope\" itemtype=\"https:\/\/schema.org\/CreativeWork\" ><div class='avia_textblock privacidad'  itemprop=\"text\" ><blockquote>\n<p>La Pol\u00edtica de Privacitat forma part de les condicions generals que regeixen la P\u00e0gina web juntament amb la <a href=\"\/ca\/cookies\">Pol\u00edtica de Cookies<\/a> i l&#8217;Av\u00eds Legal.<\/p>\n<\/blockquote>\n<p>Consell d&#8217;Eivissa respecta la legislaci\u00f3 vigent en mat\u00e8ria de protecci\u00f3 de dades personals, la privacitat dels usuaris i el secret i seguretat de les dades personals, de conformitat amb el que estableix la legislaci\u00f3 aplicable en mat\u00e8ria de protecci\u00f3 de dades, en concret, el Reglament 2016\/679 de el Parlament Europeu i de Consell de 27 d&#8217;abril de 2016 i la Llei Org\u00e0nica de Protecci\u00f3 de Dades i Garantia de Drets Digitals 3\/2018, de 5 de desembre i de les seves normes de desenvolupament, adoptant per a aix\u00f2 les mesures t\u00e8cniques i organitzatives necess\u00e0ries per evitar la p\u00e8rdua, mal \u00fas, alteraci\u00f3, acc\u00e9s no autoritzat i robatori de les dades personals facilitades, tenint en compte l&#8217;estat de la tecnologia, la naturalesa de les dades i els riscos als quals estan exposats.<\/p>\n<p>En concret, s&#8217;informa que les seves dades de car\u00e0cter personal nom\u00e9s podran obtenir-per al seu tractament quan siguin adequades, pertinents i no excessives en relaci\u00f3 amb l&#8217;\u00e0mbit i les finalitats determinades, expl\u00edcites i leg\u00edtimes per a les quals s&#8217;hagin obtingut.<\/p>\n<h2>Qui \u00e9s el responsable de l&#8217;tractament de les seves dades personals?<\/h2>\n<p>Les dades que es recullin o ens facilitis volunt\u00e0riament per mitj\u00e0 de la p\u00e0gina web, ja sigui per la navegaci\u00f3 en la mateixa, aix\u00ed com tots aquells que ens puguis facilitar en els formularis de contacte, via e-mail o per tel\u00e8fon, seran recollides i tractades per el responsable de l&#8217;Tractament, les dades que s&#8217;indiquen a continuaci\u00f3<\/p>\n<p>Responsable de l&#8217;Tractament: Consell Insular d&#8217;Eivissa<\/p>\n<p>Direcci\u00f3: Av. d&#8217;Espanya, 49 CP: 07800 &#8211; Eivissa (Illes Balears).<\/p>\n<p>Tel\u00e8fon: 971 195 900<\/p>\n<p>Contacte DPO: <a href=\"mailto:info@conselldeivissa.es\">info@conselldeivissa.es<\/a><\/p>\n<h2>Amb que finalitats anem a tractar les seves dades personals i quina \u00e9s la legitimaci\u00f3?<\/h2>\n<p>El Consell Insular d&#8217;Eivissa tractar\u00e0 les dades per a la finalitat especifica de servcio d&#8217;inspecci\u00f3 sobre el vehicle que el Client ha contractat, directament pel titular de el vehicle, per l&#8217;arrendatari a llarg termini o pel representant autoritzat de l&#8217;Client i nom\u00e9s tractar\u00e0 aquells dades que resultin rellevants per a la consecuci\u00f3 d&#8217;aquesta finalitat.<\/p>\n<p>En concret, es tractaran les Dades acord amb la base i els fins que s&#8217;indiquen a continuaci\u00f3:<\/p>\n<p>Per al compliment d&#8217;obligacions contractuals (art. 6.1.b del GDPR).<\/p>\n<ul>\n<li>Les Dades es tracten per prestar el servei d&#8217;ITV als seus clients; per gestionar la relaci\u00f3 comercial amb ells i per a assegurar la correcta prestaci\u00f3 dels serveis.<\/li>\n<\/ul>\n<p>Per a la satisfacci\u00f3 d&#8217;interessos leg\u00edtims (art. 6.1. f del GDPR).<\/p>\n<ul>\n<li>Les dades seran tractades per al compliment efectiu de l&#8217;contracte: Prestaci\u00f3 de serveis.<\/li>\n<li>Enviament de recordatoris sobre venciments dels terminis per a la propera inspecci\u00f3, preu i ubicaci\u00f3 de les estacions a les que pot acudir.<\/li>\n<li>Avaluar reclamacions i exercir la defensa en litigis.<\/li>\n<li>Dur a terme les tasques de gesti\u00f3 de riscos i compliment normatiu.<\/li>\n<\/ul>\n<p>Com a conseq\u00fc\u00e8ncia del seu consentiment (art. 6.1. a del GDPR).<\/p>\n<ul>\n<li>Enviament de comunicacions comercials.<\/li>\n<li>Tractament de les cookies.<\/li>\n<\/ul>\n<p>Aquest consentiment pot ser retirat en qualsevol moment.<\/p>\n<p>A causa de disposicions legals (art. 6.1.c de l&#8217;GDPR) o en nom de l&#8217;inter\u00e8s p\u00fablic (art. 6.1.e de l&#8217;GDPR).<\/p>\n<ul>\n<li>Per obligacions legals comunicarem el resultat de la inspecci\u00f3 a la Direcci\u00f3 General de Tr\u00e0nsit o a l&#8217;Administraci\u00f3 corresponent.<\/li>\n<\/ul>\n<p>En el cas de no poder recollir aquestes dades personals, no podrem comprometre&#8217;ns a prestar-li els serveis acordats i, per tant, complir amb les obligacions contractuals (en aquest cas se li informar\u00e0 degudament).<\/p>\n<h2>A qui li comunicarem les seves dades?<\/h2>\n<p>A autoritats, entitats i administracions p\u00fabliques amb les quals hi hagi un disposici\u00f3 legal o contractual d&#8217;obligat compliment.<\/p>\n<p>A tercers necessaris per a la prestaci\u00f3 dels nostres serveis sempre actuant com a encarregats de l&#8217;tractament nomenats d&#8217;acord amb el que disposa l&#8217;art. 28 de l&#8217;GDPR o b\u00e9 com a responsables de l&#8217;tractament independents, en funci\u00f3 de les circumst\u00e0ncies i els caps de cadascuna de les relacions contractuals.<\/p>\n<h2>Durant quin termini emmagatzemarem les seves dades?<\/h2>\n<p>Les dades personals seran mantinguts mentre es mantingui la vinculaci\u00f3 amb el Responsable. A l&#8217;finalitzar els mateixos, les dades personals tractades en cadascuna de les finalitats indicades es mantindran durant els terminis legalment previstos o durant el termini que un jutge o tribunal els pugui requerir atenent el termini de prescripci\u00f3 d&#8217;accions judicials.<\/p>\n<p>Les dades tractades es mantindran fins que no expirin els terminis legals al\u00b7ludits anteriorment, si hagu\u00e9s obligaci\u00f3 legal de manteniment, o de no existir aquest termini legal, fins que l&#8217;interessat sol\u00b7liciti la seva supressi\u00f3 o revoqui el consentiment atorgat.<\/p>\n<h2>Transfer\u00e8ncia Internacional de Dades<\/h2>\n<p>No hi ha transfer\u00e8ncia internacional de dades i en cas de ser necess\u00e0ria aquesta transfer\u00e8ncia a organitzacions internacionals i \/ o pa\u00efsos no situats dins de l&#8217;Espai Econ\u00f2mic Europeu (EEE), es dur\u00e0 a terme d&#8217;acord amb un dels m\u00e8todes permesos per la legislaci\u00f3 vigent.<\/p>\n<h2>Quins s\u00f3n els seus drets?<\/h2>\n<p>Tot interessat pot exercir els drets previstos en els articles 15 a 22 de l&#8217;GDPR, que s&#8217;indiquen a continuaci\u00f3, mitjan\u00e7ant l&#8217;enviament d&#8217;una sol\u00b7licitud:<\/p>\n<ul>\n<li>\u00c9s a dir, si estem tractant les seves dades o no.<\/li>\n<li>A accedir a les seves dades personals.<\/li>\n<li>A sol\u00b7licitar la rectificaci\u00f3 de les seves dades si s\u00f3n inexactes.<\/li>\n<li>A sol\u00b7licitar la supressi\u00f3 de les seves dades si ja no s\u00f3n necessaris per als fins per als quals van ser recollits o si ens retira el consentiment atorgat.<\/li>\n<li>A sol\u00b7licitar el dret a oposar-se a un determinat tractament basat en el consentiment de la persona interessada.<\/li>\n<li>A sol\u00b7licitar la limitaci\u00f3 de l&#8217;tractament de les seves dades, en alguns sup\u00f2sits, en aquest cas nom\u00e9s es conservaran d&#8217;acord amb la normativa vigent.<\/li>\n<li>A portar les seves dades, que li seran facilitats en un format estructurat, d&#8217;\u00fas com\u00fa o lectura mec\u00e0nica.<\/li>\n<li>A presentar una reclamaci\u00f3 davant el delegat de Protecci\u00f3 de Dades (si escau) o davant l&#8217;Ag\u00e8ncia Espanyola de Protecci\u00f3 de Dades o autoritat de control competent, si creu que no li hem at\u00e8s correctament.<\/li>\n<li>A revocar el consentiment per a cada finalitat espec\u00edfica, sense que aix\u00f2 afecti licitud de el tractament basat en el consentiment expr\u00e9s.<\/li>\n<\/ul>\n<h2>Com pot exercir els seus drets?<\/h2>\n<p>L&#8217;informem que podr\u00e0 exercitar els drets anteriors mitjan\u00e7ant escrit juntament amb fotoc\u00f2pia de DNI a Delegat de Protecci\u00f3 de Dades, en la seg\u00fcent adre\u00e7a:<\/p>\n<p>Consell Insular d\u2019Eivissa<br \/>\nAvinguda d&#8217;Espanya, 49<br \/>\n07800 &#8211; Eivissa (Illes Balears).<\/p>\n<h2>Canvis en la Pol\u00edtica de Privacitat:<\/h2>\n<p>Consell d&#8217;Eivissa, es reserva el dret a modificar o adaptar la present pol\u00edtica de privacitat en tot moment. Per tant, us recomanem que revisi la mateixa cada vegada que accedeixi a la p\u00e0gina web. En el cas que l&#8217;usuari s&#8217;hagi registrat a la p\u00e0gina web i accedeixi al seu compte o perfil, a l&#8217;accedir-hi, se li informar\u00e0 en el cas que hi hagi hagut modificacions substancials en relaci\u00f3 amb el tractament de les seves dades personals.<\/p>\n<\/div><\/section>\n","protected":false},"excerpt":{"rendered":"","protected":false},"author":1,"featured_media":0,"parent":0,"menu_order":0,"comment_status":"closed","ping_status":"closed","template":"","meta":{"footnotes":""},"class_list":["post-387","page","type-page","status-publish","hentry"],"yoast_head":"<!-- This site is optimized with the Yoast SEO plugin v27.2 - https:\/\/yoast.com\/product\/yoast-seo-wordpress\/ -->\n<title>Pol\u00edtica de privacitat - Cita previa ITV | Consell d&#039;Eivissa<\/title>\n<meta name=\"robots\" content=\"index, follow, max-snippet:-1, max-image-preview:large, max-video-preview:-1\" \/>\n<link rel=\"canonical\" href=\"http:\/\/itv.conselldeivissa.es\/ca\/politica-privacitat\/\" \/>\n<meta property=\"og:locale\" content=\"ca_ES\" \/>\n<meta property=\"og:type\" content=\"article\" \/>\n<meta property=\"og:title\" content=\"Pol\u00edtica de privacitat - Cita previa ITV | Consell d&#039;Eivissa\" \/>\n<meta property=\"og:url\" content=\"http:\/\/itv.conselldeivissa.es\/ca\/politica-privacitat\/\" \/>\n<meta property=\"og:site_name\" content=\"Cita previa ITV | Consell d&#039;Eivissa\" \/>\n<meta property=\"article:modified_time\" content=\"2020-01-21T18:36:27+00:00\" \/>\n<meta name=\"twitter:card\" content=\"summary_large_image\" \/>\n<meta name=\"twitter:label1\" content=\"Est. reading time\" \/>\n\t<meta name=\"twitter:data1\" content=\"7 minutes\" \/>\n<script type=\"application\/ld+json\" class=\"yoast-schema-graph\">{\"@context\":\"https:\/\/schema.org\",\"@graph\":[{\"@type\":\"WebPage\",\"@id\":\"http:\/\/itv.conselldeivissa.es\/ca\/politica-privacitat\/\",\"url\":\"http:\/\/itv.conselldeivissa.es\/ca\/politica-privacitat\/\",\"name\":\"Pol\u00edtica de privacitat - Cita previa ITV | Consell d&#039;Eivissa\",\"isPartOf\":{\"@id\":\"https:\/\/itv.conselldeivissa.es\/ca\/#website\"},\"datePublished\":\"2019-12-08T09:29:38+00:00\",\"dateModified\":\"2020-01-21T18:36:27+00:00\",\"breadcrumb\":{\"@id\":\"http:\/\/itv.conselldeivissa.es\/ca\/politica-privacitat\/#breadcrumb\"},\"inLanguage\":\"ca-ES\",\"potentialAction\":[{\"@type\":\"ReadAction\",\"target\":[\"http:\/\/itv.conselldeivissa.es\/ca\/politica-privacitat\/\"]}]},{\"@type\":\"BreadcrumbList\",\"@id\":\"http:\/\/itv.conselldeivissa.es\/ca\/politica-privacitat\/#breadcrumb\",\"itemListElement\":[{\"@type\":\"ListItem\",\"position\":1,\"name\":\"Portada\",\"item\":\"http:\/\/itv.conselldeivissa.es\/ca\/\"},{\"@type\":\"ListItem\",\"position\":2,\"name\":\"Pol\u00edtica de privacitat\"}]},{\"@type\":\"WebSite\",\"@id\":\"https:\/\/itv.conselldeivissa.es\/ca\/#website\",\"url\":\"https:\/\/itv.conselldeivissa.es\/ca\/\",\"name\":\"Cita previa ITV | Consell d&#039;Eivissa\",\"description\":\"Inspecci\u00f3 T\u00e8cnica de Vehicles a Eivissa\",\"potentialAction\":[{\"@type\":\"SearchAction\",\"target\":{\"@type\":\"EntryPoint\",\"urlTemplate\":\"https:\/\/itv.conselldeivissa.es\/ca\/?s={search_term_string}\"},\"query-input\":{\"@type\":\"PropertyValueSpecification\",\"valueRequired\":true,\"valueName\":\"search_term_string\"}}],\"inLanguage\":\"ca-ES\"}]}<\/script>\n<!-- \/ Yoast SEO plugin. -->","yoast_head_json":{"title":"Pol\u00edtica de privacitat - Cita previa ITV | Consell d&#039;Eivissa","robots":{"index":"index","follow":"follow","max-snippet":"max-snippet:-1","max-image-preview":"max-image-preview:large","max-video-preview":"max-video-preview:-1"},"canonical":"http:\/\/itv.conselldeivissa.es\/ca\/politica-privacitat\/","og_locale":"ca_ES","og_type":"article","og_title":"Pol\u00edtica de privacitat - Cita previa ITV | Consell d&#039;Eivissa","og_url":"http:\/\/itv.conselldeivissa.es\/ca\/politica-privacitat\/","og_site_name":"Cita previa ITV | Consell d&#039;Eivissa","article_modified_time":"2020-01-21T18:36:27+00:00","twitter_card":"summary_large_image","twitter_misc":{"Est. reading time":"7 minutes"},"schema":{"@context":"https:\/\/schema.org","@graph":[{"@type":"WebPage","@id":"http:\/\/itv.conselldeivissa.es\/ca\/politica-privacitat\/","url":"http:\/\/itv.conselldeivissa.es\/ca\/politica-privacitat\/","name":"Pol\u00edtica de privacitat - Cita previa ITV | Consell d&#039;Eivissa","isPartOf":{"@id":"https:\/\/itv.conselldeivissa.es\/ca\/#website"},"datePublished":"2019-12-08T09:29:38+00:00","dateModified":"2020-01-21T18:36:27+00:00","breadcrumb":{"@id":"http:\/\/itv.conselldeivissa.es\/ca\/politica-privacitat\/#breadcrumb"},"inLanguage":"ca-ES","potentialAction":[{"@type":"ReadAction","target":["http:\/\/itv.conselldeivissa.es\/ca\/politica-privacitat\/"]}]},{"@type":"BreadcrumbList","@id":"http:\/\/itv.conselldeivissa.es\/ca\/politica-privacitat\/#breadcrumb","itemListElement":[{"@type":"ListItem","position":1,"name":"Portada","item":"http:\/\/itv.conselldeivissa.es\/ca\/"},{"@type":"ListItem","position":2,"name":"Pol\u00edtica de privacitat"}]},{"@type":"WebSite","@id":"https:\/\/itv.conselldeivissa.es\/ca\/#website","url":"https:\/\/itv.conselldeivissa.es\/ca\/","name":"Cita previa ITV | Consell d&#039;Eivissa","description":"Inspecci\u00f3 T\u00e8cnica de Vehicles a Eivissa","potentialAction":[{"@type":"SearchAction","target":{"@type":"EntryPoint","urlTemplate":"https:\/\/itv.conselldeivissa.es\/ca\/?s={search_term_string}"},"query-input":{"@type":"PropertyValueSpecification","valueRequired":true,"valueName":"search_term_string"}}],"inLanguage":"ca-ES"}]}},"_links":{"self":[{"href":"http:\/\/itv.conselldeivissa.es\/ca\/wp-json\/wp\/v2\/pages\/387","targetHints":{"allow":["GET"]}}],"collection":[{"href":"http:\/\/itv.conselldeivissa.es\/ca\/wp-json\/wp\/v2\/pages"}],"about":[{"href":"http:\/\/itv.conselldeivissa.es\/ca\/wp-json\/wp\/v2\/types\/page"}],"author":[{"embeddable":true,"href":"http:\/\/itv.conselldeivissa.es\/ca\/wp-json\/wp\/v2\/users\/1"}],"replies":[{"embeddable":true,"href":"http:\/\/itv.conselldeivissa.es\/ca\/wp-json\/wp\/v2\/comments?post=387"}],"version-history":[{"count":7,"href":"http:\/\/itv.conselldeivissa.es\/ca\/wp-json\/wp\/v2\/pages\/387\/revisions"}],"predecessor-version":[{"id":583,"href":"http:\/\/itv.conselldeivissa.es\/ca\/wp-json\/wp\/v2\/pages\/387\/revisions\/583"}],"wp:attachment":[{"href":"http:\/\/itv.conselldeivissa.es\/ca\/wp-json\/wp\/v2\/media?parent=387"}],"curies":[{"name":"wp","href":"https:\/\/api.w.org\/{rel}","templated":true}]}}